{"id":2947,"date":"2022-03-18T13:00:44","date_gmt":"2022-03-18T12:00:44","guid":{"rendered":"https:\/\/www.galerie-messmer.de\/a-propos-de-nous\/"},"modified":"2025-08-20T17:11:22","modified_gmt":"2025-08-20T15:11:22","slug":"a-propos-de-nous","status":"publish","type":"page","link":"https:\/\/www.galerie-messmer.de\/fr\/a-propos-de-nous\/","title":{"rendered":"\u00e0 propos de nous"},"content":{"rendered":"\t\t<div data-elementor-type=\"wp-page\" data-elementor-id=\"2947\" class=\"elementor elementor-2947 elementor-109\" data-elementor-post-type=\"page\">\n\t\t\t\t<div class=\"elementor-element elementor-element-ab697a2 e-con-full e-flex e-con e-parent\" data-id=\"ab697a2\" data-element_type=\"container\" data-e-type=\"container\" data-settings=\"{&quot;motion_fx_motion_fx_scrolling&quot;:&quot;yes&quot;,&quot;motion_fx_devices&quot;:[&quot;desktop&quot;,&quot;tablet&quot;,&quot;mobile&quot;]}\">\n\t\t<div class=\"elementor-element elementor-element-a6d0552 e-con-full e-flex e-con e-child\" data-id=\"a6d0552\" data-element_type=\"container\" data-e-type=\"container\" data-settings=\"{&quot;background_background&quot;:&quot;classic&quot;}\">\n\t\t\t\t<div class=\"elementor-element elementor-element-f9b5462 elementor-view-stacked elementor-shape-square elementor-absolute elementor-widget elementor-widget-icon\" data-id=\"f9b5462\" data-element_type=\"widget\" data-e-type=\"widget\" data-settings=\"{&quot;_position&quot;:&quot;absolute&quot;}\" data-widget_type=\"icon.default\">\n\t\t\t\t<div class=\"elementor-widget-container\">\n\t\t\t\t\t\t\t<div class=\"elementor-icon-wrapper\">\n\t\t\t<a class=\"elementor-icon\" href=\"#uber-uns\">\n\t\t\t<i aria-hidden=\"true\" class=\"fas fa-arrow-down\"><\/i>\t\t\t<\/a>\n\t\t<\/div>\n\t\t\t\t\t\t<\/div>\n\t\t\t\t<\/div>\n\t\t\t\t<div class=\"elementor-element elementor-element-edffbef elementor-widget elementor-widget-image\" data-id=\"edffbef\" data-element_type=\"widget\" data-e-type=\"widget\" data-widget_type=\"image.default\">\n\t\t\t\t<div class=\"elementor-widget-container\">\n\t\t\t\t\t\t\t\t\t\t\t\t\t\t\t<img fetchpriority=\"high\" decoding=\"async\" width=\"2279\" height=\"1080\" src=\"https:\/\/www.galerie-messmer.de\/wp-content\/uploads\/2025\/01\/20250128_150714-scaled.jpg\" class=\"attachment-full size-full wp-image-7582\" alt=\"\" srcset=\"https:\/\/www.galerie-messmer.de\/wp-content\/uploads\/2025\/01\/20250128_150714-scaled.jpg 2279w, https:\/\/www.galerie-messmer.de\/wp-content\/uploads\/2025\/01\/20250128_150714-300x142.jpg 300w, https:\/\/www.galerie-messmer.de\/wp-content\/uploads\/2025\/01\/20250128_150714-1024x485.jpg 1024w, https:\/\/www.galerie-messmer.de\/wp-content\/uploads\/2025\/01\/20250128_150714-768x364.jpg 768w, https:\/\/www.galerie-messmer.de\/wp-content\/uploads\/2025\/01\/20250128_150714-1536x728.jpg 1536w, https:\/\/www.galerie-messmer.de\/wp-content\/uploads\/2025\/01\/20250128_150714-2048x971.jpg 2048w\" sizes=\"(max-width: 2279px) 100vw, 2279px\" \/>\t\t\t\t\t\t\t\t\t\t\t\t\t\t\t<\/div>\n\t\t\t\t<\/div>\n\t\t\t\t<\/div>\n\t\t<div class=\"elementor-element elementor-element-e42cf36 e-con-full e-flex e-con e-child\" data-id=\"e42cf36\" data-element_type=\"container\" data-e-type=\"container\">\n\t\t\t\t<div class=\"elementor-element elementor-element-80ae269 elementor-widget elementor-widget-heading\" data-id=\"80ae269\" data-element_type=\"widget\" data-e-type=\"widget\" data-widget_type=\"heading.default\">\n\t\t\t\t<div class=\"elementor-widget-container\">\n\t\t\t\t\t<h1 class=\"elementor-heading-title elementor-size-default\">\u00e0 propos de nous<\/h1>\t\t\t\t<\/div>\n\t\t\t\t<\/div>\n\t\t\t\t<div class=\"elementor-element elementor-element-ece2e62 elementor-widget elementor-widget-heading\" data-id=\"ece2e62\" data-element_type=\"widget\" data-e-type=\"widget\" data-widget_type=\"heading.default\">\n\t\t\t\t<div class=\"elementor-widget-container\">\n\t\t\t\t\t<p class=\"elementor-heading-title elementor-size-default\">En savoir plus sur nous et sur la galerie Messmer.<\/p>\t\t\t\t<\/div>\n\t\t\t\t<\/div>\n\t\t\t\t<\/div>\n\t\t\t\t<\/div>\n\t\t<div class=\"elementor-element elementor-element-34d1af7 e-con-full e-flex e-con e-parent\" data-id=\"34d1af7\" data-element_type=\"container\" data-e-type=\"container\" id=\"uber-uns\" data-settings=\"{&quot;motion_fx_motion_fx_scrolling&quot;:&quot;yes&quot;,&quot;motion_fx_devices&quot;:[&quot;desktop&quot;,&quot;tablet&quot;,&quot;mobile&quot;]}\">\n\t\t<div class=\"elementor-element elementor-element-81742b2 e-con-full e-flex e-con e-child\" data-id=\"81742b2\" data-element_type=\"container\" data-e-type=\"container\">\n\t\t\t\t<div class=\"elementor-element elementor-element-85e4ffd elementor-widget elementor-widget-heading\" data-id=\"85e4ffd\" data-element_type=\"widget\" data-e-type=\"widget\" data-widget_type=\"heading.default\">\n\t\t\t\t<div class=\"elementor-widget-container\">\n\t\t\t\t\t<h2 class=\"elementor-heading-title elementor-size-default\">Mesdames et Messieurs, chers amateurs d'art,<\/h2>\t\t\t\t<\/div>\n\t\t\t\t<\/div>\n\t\t\t\t<div class=\"elementor-element elementor-element-5db498a elementor-widget elementor-widget-text-editor\" data-id=\"5db498a\" data-element_type=\"widget\" data-e-type=\"widget\" data-widget_type=\"text-editor.default\">\n\t\t\t\t<div class=\"elementor-widget-container\">\n\t\t\t\t\t\t\t\t\t<p>Par joie pour l&rsquo;art, j&rsquo;ai d\u00e9cid\u00e9 en 2013 d&rsquo;ajouter un <strong>espace galerie<\/strong> \u00e0 la galerie d&rsquo;art messmer. Je suis particuli\u00e8rement heureux de pr\u00e9senter des artistes du triangle frontalier dans cette salle \u00e0 colonnes historique de l&rsquo;ancien b\u00e2timent de la brasserie. Leurs \u0153uvres impressionnent par leur <strong>qualit\u00e9<\/strong> et leur <strong>savoir<\/strong> -faire, mais sont disponibles \u00e0 des prix abordables.<\/p>\t\t\t\t\t\t\t\t<\/div>\n\t\t\t\t<\/div>\n\t\t\t\t<\/div>\n\t\t<div class=\"elementor-element elementor-element-e619d56 e-con-full e-flex e-con e-child\" data-id=\"e619d56\" data-element_type=\"container\" data-e-type=\"container\">\n\t\t\t\t<div class=\"elementor-element elementor-element-f34086b elementor-widget elementor-widget-heading\" data-id=\"f34086b\" data-element_type=\"widget\" data-e-type=\"widget\" data-widget_type=\"heading.default\">\n\t\t\t\t<div class=\"elementor-widget-container\">\n\t\t\t\t\t<h2 class=\"elementor-heading-title elementor-size-default\">Votre art doit fa\u00e7onner et embellir nos espaces de vie.<\/h2>\t\t\t\t<\/div>\n\t\t\t\t<\/div>\n\t\t\t\t<div class=\"elementor-element elementor-element-bb7999c elementor-widget elementor-widget-text-editor\" data-id=\"bb7999c\" data-element_type=\"widget\" data-e-type=\"widget\" data-widget_type=\"text-editor.default\">\n\t\t\t\t<div class=\"elementor-widget-container\">\n\t\t\t\t\t\t\t\t\t<p>Ils oscillent entre le domaine de <strong>l&rsquo;art concret-constructif<\/strong> et <strong>la peinture figurative<\/strong> ou la <strong>sculpture<\/strong> . Il est important pour moi d&rsquo;offrir \u00e0 ces talents une tribune et un porte-parole. J&rsquo;ai aussi des amiti\u00e9s personnelles avec eux. Dans le meilleur des cas, il sera possible de pr\u00e9senter une exposition \u00e0 plus grande \u00e9chelle, comme \u00e0 la <strong>Kunsthalle<\/strong> .<\/p>\t\t\t\t\t\t\t\t<\/div>\n\t\t\t\t<\/div>\n\t\t\t\t<\/div>\n\t\t\t\t<\/div>\n\t\t<div class=\"elementor-element elementor-element-dc9c35c e-flex e-con-boxed e-con e-parent\" data-id=\"dc9c35c\" data-element_type=\"container\" data-e-type=\"container\">\n\t\t\t\t\t<div class=\"e-con-inner\">\n\t\t<div class=\"elementor-element elementor-element-1a2b374 e-con-full e-flex e-con e-child\" data-id=\"1a2b374\" data-element_type=\"container\" data-e-type=\"container\">\n\t\t\t\t<div class=\"elementor-element elementor-element-58641d5 elementor-widget elementor-widget-heading\" data-id=\"58641d5\" data-element_type=\"widget\" data-e-type=\"widget\" data-widget_type=\"heading.default\">\n\t\t\t\t<div class=\"elementor-widget-container\">\n\t\t\t\t\t<h2 class=\"elementor-heading-title elementor-size-default\">\u00c9quipe<\/h2>\t\t\t\t<\/div>\n\t\t\t\t<\/div>\n\t\t\t\t<div class=\"elementor-element elementor-element-e463172 elementor-widget elementor-widget-text-editor\" data-id=\"e463172\" data-element_type=\"widget\" data-e-type=\"widget\" data-widget_type=\"text-editor.default\">\n\t\t\t\t<div class=\"elementor-widget-container\">\n\t\t\t\t\t\t\t\t\t<p class=\"MsoNormal\"><b><span style=\"font-size: 14.0pt; line-height: 115%; font-family: 'Century Gothic',sans-serif; color: #404040; mso-themecolor: text1; mso-themetint: 191; mso-style-textfill-fill-color: #404040; mso-style-textfill-fill-themecolor: text1; mso-style-textfill-fill-alpha: 100.0%; mso-style-textfill-fill-colortransforms: 'lumm=75000 lumo=25000';\">J\u00fcrgen A. Messmer<br><\/span><\/b><span style=\"font-size: 14.0pt; line-height: 115%; font-family: 'Century Gothic',sans-serif; color: #404040; mso-themecolor: text1; mso-themetint: 191; mso-style-textfill-fill-color: #404040; mso-style-textfill-fill-themecolor: text1; mso-style-textfill-fill-alpha: 100.0%; mso-style-textfill-fill-colortransforms: 'lumm=75000 lumo=25000';\">Propri\u00e9taire<\/span><\/p><p class=\"MsoNormal\"><b><span style=\"font-size: 14.0pt; line-height: 115%; font-family: 'Century Gothic',sans-serif; color: #404040; mso-themecolor: text1; mso-themetint: 191; mso-style-textfill-fill-color: #404040; mso-style-textfill-fill-themecolor: text1; mso-style-textfill-fill-alpha: 100.0%; mso-style-textfill-fill-colortransforms: 'lumm=75000 lumo=25000';\">Lea Qin Messmer<br><\/span><\/b><span style=\"font-size: 14.0pt; line-height: 115%; font-family: 'Century Gothic',sans-serif; color: #404040; mso-themecolor: text1; mso-themetint: 191; mso-style-textfill-fill-color: #404040; mso-style-textfill-fill-themecolor: text1; mso-style-textfill-fill-alpha: 100.0%; mso-style-textfill-fill-colortransforms: 'lumm=75000 lumo=25000';\">Propri\u00e9taire<br>T\u00e9l. : +49 7642 &#8211; 920 162 &#8211; 10<br>info@galerie-messmer.de<br><\/span><\/p><p class=\"MsoNormal\"><b><span style=\"font-size: 14.0pt; line-height: 115%; font-family: 'Century Gothic',sans-serif; color: #404040; mso-themecolor: text1; mso-themetint: 191; mso-style-textfill-fill-color: #404040; mso-style-textfill-fill-themecolor: text1; mso-style-textfill-fill-alpha: 100.0%; mso-style-textfill-fill-colortransforms: 'lumm=75000 lumo=25000';\"><br><\/span><\/b><span style=\"text-decoration: underline;\"><strong><span style=\"font-size: 14pt; line-height: 115%; font-family: 'Century Gothic', sans-serif; color: #404040; text-decoration: underline;\">En cong\u00e9 parental :<\/span><\/strong><\/span><b><span style=\"font-size: 14.0pt; line-height: 115%; font-family: 'Century Gothic',sans-serif; color: #404040; mso-themecolor: text1; mso-themetint: 191; mso-style-textfill-fill-color: #404040; mso-style-textfill-fill-themecolor: text1; mso-style-textfill-fill-alpha: 100.0%; mso-style-textfill-fill-colortransforms: 'lumm=75000 lumo=25000';\"><br>Leah V\u00f6lker, M.A.<\/span><\/b><span style=\"font-size: 14.0pt; line-height: 115%; font-family: 'Century Gothic',sans-serif; color: #404040; mso-themecolor: text1; mso-themetint: 191; mso-style-textfill-fill-color: #404040; mso-style-textfill-fill-themecolor: text1; mso-style-textfill-fill-alpha: 100.0%; mso-style-textfill-fill-colortransforms: 'lumm=75000 lumo=25000';\"><br>Historienne de l&rsquo;art<br>Gestionnaire de galerie<\/span><\/p><p class=\"MsoNormal\"><span style=\"font-size: 14.0pt; line-height: 115%; font-family: 'Century Gothic',sans-serif; color: #404040; mso-themecolor: text1; mso-themetint: 191; mso-style-textfill-fill-color: #404040; mso-style-textfill-fill-themecolor: text1; mso-style-textfill-fill-alpha: 100.0%; mso-style-textfill-fill-colortransforms: 'lumm=75000 lumo=25000';\">49 7642 &#8211; 920 162 &#8211; 10<br>info@galerie-messmer.de<\/span><\/p>\t\t\t\t\t\t\t\t<\/div>\n\t\t\t\t<\/div>\n\t\t\t\t<\/div>\n\t\t\t\t\t<\/div>\n\t\t\t\t<\/div>\n\t\t\t\t<\/div>\n\t\t","protected":false},"excerpt":{"rendered":"<p>\u00e0 propos de nous En savoir plus sur nous et sur la galerie Messmer. Mesdames et Messieurs, chers amateurs d&rsquo;art, Par joie pour l&rsquo;art, j&rsquo;ai d\u00e9cid\u00e9 en 2013 d&rsquo;ajouter un espace galerie \u00e0 la galerie d&rsquo;art messmer. Je suis particuli\u00e8rement heureux de pr\u00e9senter des artistes du triangle frontalier dans cette salle \u00e0 colonnes historique de [&hellip;]<\/p>\n","protected":false},"author":1,"featured_media":0,"parent":0,"menu_order":0,"comment_status":"closed","ping_status":"closed","template":"","meta":{"footnotes":""},"class_list":["post-2947","page","type-page","status-publish","hentry"],"yoast_head":"<!-- This site is optimized with the Yoast SEO plugin v27.5 - https:\/\/yoast.com\/product\/yoast-seo-wordpress\/ -->\n<title>\u00e0 propos de nous - Galerie Messmer<\/title>\n<meta name=\"robots\" content=\"index, follow, max-snippet:-1, max-image-preview:large, max-video-preview:-1\" \/>\n<link rel=\"canonical\" href=\"https:\/\/www.galerie-messmer.de\/fr\/a-propos-de-nous\/\" \/>\n<meta property=\"og:locale\" content=\"fr_FR\" \/>\n<meta property=\"og:type\" content=\"article\" \/>\n<meta property=\"og:title\" content=\"\u00e0 propos de nous - Galerie Messmer\" \/>\n<meta property=\"og:description\" content=\"\u00e0 propos de nous En savoir plus sur nous et sur la galerie Messmer. Mesdames et Messieurs, chers amateurs d&rsquo;art, Par joie pour l&rsquo;art, j&rsquo;ai d\u00e9cid\u00e9 en 2013 d&rsquo;ajouter un espace galerie \u00e0 la galerie d&rsquo;art messmer. Je suis particuli\u00e8rement heureux de pr\u00e9senter des artistes du triangle frontalier dans cette salle \u00e0 colonnes historique de [&hellip;]\" \/>\n<meta property=\"og:url\" content=\"https:\/\/www.galerie-messmer.de\/fr\/a-propos-de-nous\/\" \/>\n<meta property=\"og:site_name\" content=\"Galerie Messmer\" \/>\n<meta property=\"article:modified_time\" content=\"2025-08-20T15:11:22+00:00\" \/>\n<meta property=\"og:image\" content=\"https:\/\/www.galerie-messmer.de\/wp-content\/uploads\/2025\/01\/20250128_150714-scaled.jpg\" \/>\n\t<meta property=\"og:image:width\" content=\"2279\" \/>\n\t<meta property=\"og:image:height\" content=\"1080\" \/>\n\t<meta property=\"og:image:type\" content=\"image\/jpeg\" \/>\n<meta name=\"twitter:card\" content=\"summary_large_image\" \/>\n<meta name=\"twitter:label1\" content=\"Dur\u00e9e de lecture estim\u00e9e\" \/>\n\t<meta name=\"twitter:data1\" content=\"2 minutes\" \/>\n<script type=\"application\/ld+json\" class=\"yoast-schema-graph\">{\"@context\":\"https:\\\/\\\/schema.org\",\"@graph\":[{\"@type\":\"WebPage\",\"@id\":\"https:\\\/\\\/www.galerie-messmer.de\\\/fr\\\/a-propos-de-nous\\\/\",\"url\":\"https:\\\/\\\/www.galerie-messmer.de\\\/fr\\\/a-propos-de-nous\\\/\",\"name\":\"\u00e0 propos de nous - Galerie Messmer\",\"isPartOf\":{\"@id\":\"https:\\\/\\\/www.galerie-messmer.de\\\/fr\\\/#website\"},\"primaryImageOfPage\":{\"@id\":\"https:\\\/\\\/www.galerie-messmer.de\\\/fr\\\/a-propos-de-nous\\\/#primaryimage\"},\"image\":{\"@id\":\"https:\\\/\\\/www.galerie-messmer.de\\\/fr\\\/a-propos-de-nous\\\/#primaryimage\"},\"thumbnailUrl\":\"https:\\\/\\\/www.galerie-messmer.de\\\/wp-content\\\/uploads\\\/2025\\\/01\\\/20250128_150714-scaled.jpg\",\"datePublished\":\"2022-03-18T12:00:44+00:00\",\"dateModified\":\"2025-08-20T15:11:22+00:00\",\"breadcrumb\":{\"@id\":\"https:\\\/\\\/www.galerie-messmer.de\\\/fr\\\/a-propos-de-nous\\\/#breadcrumb\"},\"inLanguage\":\"fr-FR\",\"potentialAction\":[{\"@type\":\"ReadAction\",\"target\":[\"https:\\\/\\\/www.galerie-messmer.de\\\/fr\\\/a-propos-de-nous\\\/\"]}]},{\"@type\":\"ImageObject\",\"inLanguage\":\"fr-FR\",\"@id\":\"https:\\\/\\\/www.galerie-messmer.de\\\/fr\\\/a-propos-de-nous\\\/#primaryimage\",\"url\":\"https:\\\/\\\/www.galerie-messmer.de\\\/wp-content\\\/uploads\\\/2025\\\/01\\\/20250128_150714-scaled.jpg\",\"contentUrl\":\"https:\\\/\\\/www.galerie-messmer.de\\\/wp-content\\\/uploads\\\/2025\\\/01\\\/20250128_150714-scaled.jpg\"},{\"@type\":\"BreadcrumbList\",\"@id\":\"https:\\\/\\\/www.galerie-messmer.de\\\/fr\\\/a-propos-de-nous\\\/#breadcrumb\",\"itemListElement\":[{\"@type\":\"ListItem\",\"position\":1,\"name\":\"Startseite\",\"item\":\"https:\\\/\\\/www.galerie-messmer.de\\\/fr\\\/domicile\\\/\"},{\"@type\":\"ListItem\",\"position\":2,\"name\":\"\u00e0 propos de nous\"}]},{\"@type\":\"WebSite\",\"@id\":\"https:\\\/\\\/www.galerie-messmer.de\\\/fr\\\/#website\",\"url\":\"https:\\\/\\\/www.galerie-messmer.de\\\/fr\\\/\",\"name\":\"Galerie Messmer\",\"description\":\"Die Kunstgalerie am Kaiserstuhl\",\"publisher\":{\"@id\":\"https:\\\/\\\/www.galerie-messmer.de\\\/fr\\\/#organization\"},\"potentialAction\":[{\"@type\":\"SearchAction\",\"target\":{\"@type\":\"EntryPoint\",\"urlTemplate\":\"https:\\\/\\\/www.galerie-messmer.de\\\/fr\\\/?s={search_term_string}\"},\"query-input\":{\"@type\":\"PropertyValueSpecification\",\"valueRequired\":true,\"valueName\":\"search_term_string\"}}],\"inLanguage\":\"fr-FR\"},{\"@type\":\"Organization\",\"@id\":\"https:\\\/\\\/www.galerie-messmer.de\\\/fr\\\/#organization\",\"name\":\"Galerie Messmer\",\"url\":\"https:\\\/\\\/www.galerie-messmer.de\\\/fr\\\/\",\"logo\":{\"@type\":\"ImageObject\",\"inLanguage\":\"fr-FR\",\"@id\":\"https:\\\/\\\/www.galerie-messmer.de\\\/fr\\\/#\\\/schema\\\/logo\\\/image\\\/\",\"url\":\"https:\\\/\\\/www.galerie-messmer.de\\\/wp-content\\\/uploads\\\/2022\\\/03\\\/cropped-GalerieMessmerLogo.png\",\"contentUrl\":\"https:\\\/\\\/www.galerie-messmer.de\\\/wp-content\\\/uploads\\\/2022\\\/03\\\/cropped-GalerieMessmerLogo.png\",\"width\":2000,\"height\":250,\"caption\":\"Galerie Messmer\"},\"image\":{\"@id\":\"https:\\\/\\\/www.galerie-messmer.de\\\/fr\\\/#\\\/schema\\\/logo\\\/image\\\/\"}}]}<\/script>\n<!-- \/ Yoast SEO plugin. -->","yoast_head_json":{"title":"\u00e0 propos de nous - Galerie Messmer","robots":{"index":"index","follow":"follow","max-snippet":"max-snippet:-1","max-image-preview":"max-image-preview:large","max-video-preview":"max-video-preview:-1"},"canonical":"https:\/\/www.galerie-messmer.de\/fr\/a-propos-de-nous\/","og_locale":"fr_FR","og_type":"article","og_title":"\u00e0 propos de nous - Galerie Messmer","og_description":"\u00e0 propos de nous En savoir plus sur nous et sur la galerie Messmer. Mesdames et Messieurs, chers amateurs d&rsquo;art, Par joie pour l&rsquo;art, j&rsquo;ai d\u00e9cid\u00e9 en 2013 d&rsquo;ajouter un espace galerie \u00e0 la galerie d&rsquo;art messmer. Je suis particuli\u00e8rement heureux de pr\u00e9senter des artistes du triangle frontalier dans cette salle \u00e0 colonnes historique de [&hellip;]","og_url":"https:\/\/www.galerie-messmer.de\/fr\/a-propos-de-nous\/","og_site_name":"Galerie Messmer","article_modified_time":"2025-08-20T15:11:22+00:00","og_image":[{"width":2279,"height":1080,"url":"https:\/\/www.galerie-messmer.de\/wp-content\/uploads\/2025\/01\/20250128_150714-scaled.jpg","type":"image\/jpeg"}],"twitter_card":"summary_large_image","twitter_misc":{"Dur\u00e9e de lecture estim\u00e9e":"2 minutes"},"schema":{"@context":"https:\/\/schema.org","@graph":[{"@type":"WebPage","@id":"https:\/\/www.galerie-messmer.de\/fr\/a-propos-de-nous\/","url":"https:\/\/www.galerie-messmer.de\/fr\/a-propos-de-nous\/","name":"\u00e0 propos de nous - Galerie Messmer","isPartOf":{"@id":"https:\/\/www.galerie-messmer.de\/fr\/#website"},"primaryImageOfPage":{"@id":"https:\/\/www.galerie-messmer.de\/fr\/a-propos-de-nous\/#primaryimage"},"image":{"@id":"https:\/\/www.galerie-messmer.de\/fr\/a-propos-de-nous\/#primaryimage"},"thumbnailUrl":"https:\/\/www.galerie-messmer.de\/wp-content\/uploads\/2025\/01\/20250128_150714-scaled.jpg","datePublished":"2022-03-18T12:00:44+00:00","dateModified":"2025-08-20T15:11:22+00:00","breadcrumb":{"@id":"https:\/\/www.galerie-messmer.de\/fr\/a-propos-de-nous\/#breadcrumb"},"inLanguage":"fr-FR","potentialAction":[{"@type":"ReadAction","target":["https:\/\/www.galerie-messmer.de\/fr\/a-propos-de-nous\/"]}]},{"@type":"ImageObject","inLanguage":"fr-FR","@id":"https:\/\/www.galerie-messmer.de\/fr\/a-propos-de-nous\/#primaryimage","url":"https:\/\/www.galerie-messmer.de\/wp-content\/uploads\/2025\/01\/20250128_150714-scaled.jpg","contentUrl":"https:\/\/www.galerie-messmer.de\/wp-content\/uploads\/2025\/01\/20250128_150714-scaled.jpg"},{"@type":"BreadcrumbList","@id":"https:\/\/www.galerie-messmer.de\/fr\/a-propos-de-nous\/#breadcrumb","itemListElement":[{"@type":"ListItem","position":1,"name":"Startseite","item":"https:\/\/www.galerie-messmer.de\/fr\/domicile\/"},{"@type":"ListItem","position":2,"name":"\u00e0 propos de nous"}]},{"@type":"WebSite","@id":"https:\/\/www.galerie-messmer.de\/fr\/#website","url":"https:\/\/www.galerie-messmer.de\/fr\/","name":"Galerie Messmer","description":"Die Kunstgalerie am Kaiserstuhl","publisher":{"@id":"https:\/\/www.galerie-messmer.de\/fr\/#organization"},"potentialAction":[{"@type":"SearchAction","target":{"@type":"EntryPoint","urlTemplate":"https:\/\/www.galerie-messmer.de\/fr\/?s={search_term_string}"},"query-input":{"@type":"PropertyValueSpecification","valueRequired":true,"valueName":"search_term_string"}}],"inLanguage":"fr-FR"},{"@type":"Organization","@id":"https:\/\/www.galerie-messmer.de\/fr\/#organization","name":"Galerie Messmer","url":"https:\/\/www.galerie-messmer.de\/fr\/","logo":{"@type":"ImageObject","inLanguage":"fr-FR","@id":"https:\/\/www.galerie-messmer.de\/fr\/#\/schema\/logo\/image\/","url":"https:\/\/www.galerie-messmer.de\/wp-content\/uploads\/2022\/03\/cropped-GalerieMessmerLogo.png","contentUrl":"https:\/\/www.galerie-messmer.de\/wp-content\/uploads\/2022\/03\/cropped-GalerieMessmerLogo.png","width":2000,"height":250,"caption":"Galerie Messmer"},"image":{"@id":"https:\/\/www.galerie-messmer.de\/fr\/#\/schema\/logo\/image\/"}}]}},"_links":{"self":[{"href":"https:\/\/www.galerie-messmer.de\/fr\/wp-json\/wp\/v2\/pages\/2947","targetHints":{"allow":["GET"]}}],"collection":[{"href":"https:\/\/www.galerie-messmer.de\/fr\/wp-json\/wp\/v2\/pages"}],"about":[{"href":"https:\/\/www.galerie-messmer.de\/fr\/wp-json\/wp\/v2\/types\/page"}],"author":[{"embeddable":true,"href":"https:\/\/www.galerie-messmer.de\/fr\/wp-json\/wp\/v2\/users\/1"}],"replies":[{"embeddable":true,"href":"https:\/\/www.galerie-messmer.de\/fr\/wp-json\/wp\/v2\/comments?post=2947"}],"version-history":[{"count":7,"href":"https:\/\/www.galerie-messmer.de\/fr\/wp-json\/wp\/v2\/pages\/2947\/revisions"}],"predecessor-version":[{"id":8885,"href":"https:\/\/www.galerie-messmer.de\/fr\/wp-json\/wp\/v2\/pages\/2947\/revisions\/8885"}],"wp:attachment":[{"href":"https:\/\/www.galerie-messmer.de\/fr\/wp-json\/wp\/v2\/media?parent=2947"}],"curies":[{"name":"wp","href":"https:\/\/api.w.org\/{rel}","templated":true}]}}