{"id":2987,"date":"2022-04-16T10:18:01","date_gmt":"2022-04-16T08:18:01","guid":{"rendered":"https:\/\/www.galerie-messmer.de\/domicile\/"},"modified":"2026-04-16T10:43:14","modified_gmt":"2026-04-16T08:43:14","slug":"domicile","status":"publish","type":"page","link":"https:\/\/www.galerie-messmer.de\/fr\/","title":{"rendered":"Page d&rsquo;accueil"},"content":{"rendered":"\t\t<div data-elementor-type=\"wp-page\" data-elementor-id=\"2987\" class=\"elementor elementor-2987 elementor-596\" data-elementor-post-type=\"page\">\n\t\t\t\t<div class=\"elementor-element elementor-element-3d8aea0 e-con-full e-flex e-con e-parent\" data-id=\"3d8aea0\" data-element_type=\"container\" data-e-type=\"container\" data-settings=\"{&quot;background_slideshow_gallery&quot;:[{&quot;id&quot;:10484,&quot;url&quot;:&quot;https:\\\/\\\/www.galerie-messmer.de\\\/wp-content\\\/uploads\\\/2026\\\/04\\\/22_941-Ich_verstehe_dein_Gesicht_nicht-50x70-1-scaled.jpg&quot;},{&quot;id&quot;:10398,&quot;url&quot;:&quot;https:\\\/\\\/www.galerie-messmer.de\\\/wp-content\\\/uploads\\\/2026\\\/04\\\/25_1034-T-Die_DNA_des_Lichts_inmitten_Tamanas_Lippen-140x100-2-scaled.jpg&quot;},{&quot;id&quot;:10497,&quot;url&quot;:&quot;https:\\\/\\\/www.galerie-messmer.de\\\/wp-content\\\/uploads\\\/2026\\\/04\\\/19_822-Noch_immer_unerschrocken-50x50-1.jpg&quot;}],&quot;background_slideshow_ken_burns&quot;:&quot;yes&quot;,&quot;background_background&quot;:&quot;slideshow&quot;,&quot;background_slideshow_slide_duration&quot;:5000,&quot;background_slideshow_slide_transition&quot;:&quot;fade&quot;,&quot;background_slideshow_transition_duration&quot;:500,&quot;background_slideshow_ken_burns_zoom_direction&quot;:&quot;in&quot;}\">\n\t\t\t\t<div class=\"elementor-element elementor-element-19f82cb elementor-widget elementor-widget-heading\" data-id=\"19f82cb\" data-element_type=\"widget\" data-e-type=\"widget\" data-widget_type=\"heading.default\">\n\t\t\t\t<div class=\"elementor-widget-container\">\n\t\t\t\t\t<h2 class=\"elementor-heading-title elementor-size-default\">Antonio Marra<\/h2>\t\t\t\t<\/div>\n\t\t\t\t<\/div>\n\t\t\t\t<div class=\"elementor-element elementor-element-d4176ca elementor-widget elementor-widget-heading\" data-id=\"d4176ca\" data-element_type=\"widget\" data-e-type=\"widget\" data-widget_type=\"heading.default\">\n\t\t\t\t<div class=\"elementor-widget-container\">\n\t\t\t\t\t<h2 class=\"elementor-heading-title elementor-size-default\">19.04.2026 - 21.06.2026<\/h2>\t\t\t\t<\/div>\n\t\t\t\t<\/div>\n\t\t\t\t<div class=\"elementor-element elementor-element-7c29810 elementor-widget elementor-widget-button\" data-id=\"7c29810\" data-element_type=\"widget\" data-e-type=\"widget\" data-widget_type=\"button.default\">\n\t\t\t\t<div class=\"elementor-widget-container\">\n\t\t\t\t\t\t\t\t\t<div class=\"elementor-button-wrapper\">\n\t\t\t\t\t<a class=\"elementor-button elementor-button-link elementor-size-sm\" href=\"https:\/\/www.galerie-messmer.de\/#next\">\n\t\t\t\t\t\t<span class=\"elementor-button-content-wrapper\">\n\t\t\t\t\t\t\t\t\t<span class=\"elementor-button-text\">Vers l'exposition<\/span>\n\t\t\t\t\t<\/span>\n\t\t\t\t\t<\/a>\n\t\t\t\t<\/div>\n\t\t\t\t\t\t\t\t<\/div>\n\t\t\t\t<\/div>\n\t\t\t\t<\/div>\n\t\t<div class=\"elementor-element elementor-element-41c63c5 e-flex e-con-boxed e-con e-parent\" data-id=\"41c63c5\" data-element_type=\"container\" data-e-type=\"container\" id=\"next\">\n\t\t\t\t\t<div class=\"e-con-inner\">\n\t\t<div class=\"elementor-element elementor-element-63cdab2 e-con-full e-flex e-con e-child\" data-id=\"63cdab2\" data-element_type=\"container\" data-e-type=\"container\">\n\t\t\t\t<div class=\"elementor-element elementor-element-84b4391 elementor-widget elementor-widget-heading\" data-id=\"84b4391\" data-element_type=\"widget\" data-e-type=\"widget\" data-widget_type=\"heading.default\">\n\t\t\t\t<div class=\"elementor-widget-container\">\n\t\t\t\t\t<h2 class=\"elementor-heading-title elementor-size-default\">Antonio Marra (*1959)<\/h2>\t\t\t\t<\/div>\n\t\t\t\t<\/div>\n\t\t\t\t<div class=\"elementor-element elementor-element-a1fdca8 elementor-widget elementor-widget-heading\" data-id=\"a1fdca8\" data-element_type=\"widget\" data-e-type=\"widget\" data-widget_type=\"heading.default\">\n\t\t\t\t<div class=\"elementor-widget-container\">\n\t\t\t\t\t<h2 class=\"elementor-heading-title elementor-size-default\">LA BELLA FIGURA<\/h2>\t\t\t\t<\/div>\n\t\t\t\t<\/div>\n\t\t\t\t<div class=\"elementor-element elementor-element-153ad30 elementor-widget elementor-widget-heading\" data-id=\"153ad30\" data-element_type=\"widget\" data-e-type=\"widget\" data-widget_type=\"heading.default\">\n\t\t\t\t<div class=\"elementor-widget-container\">\n\t\t\t\t\t<h2 class=\"elementor-heading-title elementor-size-default\">19.04.2026 - 21.06.2026<\/h2>\t\t\t\t<\/div>\n\t\t\t\t<\/div>\n\t\t\t\t<div class=\"elementor-element elementor-element-a68ce2d elementor-widget elementor-widget-image\" data-id=\"a68ce2d\" data-element_type=\"widget\" data-e-type=\"widget\" data-widget_type=\"image.default\">\n\t\t\t\t<div class=\"elementor-widget-container\">\n\t\t\t\t\t\t\t\t\t\t\t\t\t\t\t<img fetchpriority=\"high\" decoding=\"async\" width=\"800\" height=\"534\" src=\"https:\/\/www.galerie-messmer.de\/wp-content\/uploads\/2026\/04\/X8I9762-1024x683.jpg\" class=\"attachment-large size-large wp-image-10271\" alt=\"\" srcset=\"https:\/\/www.galerie-messmer.de\/wp-content\/uploads\/2026\/04\/X8I9762-1024x683.jpg 1024w, https:\/\/www.galerie-messmer.de\/wp-content\/uploads\/2026\/04\/X8I9762-300x200.jpg 300w, https:\/\/www.galerie-messmer.de\/wp-content\/uploads\/2026\/04\/X8I9762-768x512.jpg 768w, https:\/\/www.galerie-messmer.de\/wp-content\/uploads\/2026\/04\/X8I9762-1536x1024.jpg 1536w, https:\/\/www.galerie-messmer.de\/wp-content\/uploads\/2026\/04\/X8I9762-2048x1365.jpg 2048w, https:\/\/www.galerie-messmer.de\/wp-content\/uploads\/2026\/04\/X8I9762-scaled.jpg 1620w\" sizes=\"(max-width: 800px) 100vw, 800px\" \/>\t\t\t\t\t\t\t\t\t\t\t\t\t\t\t<\/div>\n\t\t\t\t<\/div>\n\t\t\t\t<div class=\"elementor-element elementor-element-aaaa0a4 elementor-widget elementor-widget-text-editor\" data-id=\"aaaa0a4\" data-element_type=\"widget\" data-e-type=\"widget\" data-widget_type=\"text-editor.default\">\n\t\t\t\t<div class=\"elementor-widget-container\">\n\t\t\t\t\t\t\t\t\t<p class=\"p1\">Antonio Marra, artiste de renomm\u00e9e internationale, a d\u00e9j\u00e0 remport\u00e9 <b>deux fois le prix du public<\/b> \u00e0 la Kunsthalle Messmer dans le cadre de la remise du<b> Prix international Evard<\/b>, et s&rsquo;est \u00e9galement class\u00e9 une fois \u00e0 la deuxi\u00e8me place des finalistes.<\/p><p class=\"p1\">La galerie Messmer consacre donc d\u00e9sormais une <b>grande <\/b><b>exposition individuelle<\/b> \u00e0 notre <b>chouchou du public<\/b>, intitul\u00e9e <span class=\"s1\"><b>LA BELLA FIGURA <\/b><\/span><b>Antonio Marra <\/b>est n\u00e9 en 1959 \u00e0 Volturara Irpina, en Italie, et vit et travaille aujourd&rsquo;hui \u00e0 Offenbach am Main.<\/p><p class=\"p1\">Plus de <b>50 expositions individuelles<\/b> et 28 expositions collectives ont rendu son \u0153uvre visible <b>\u00e0 l&rsquo;\u00e9chelle internationale<\/b>, de <b>New York<\/b> \u00e0 l <b>&lsquo;Algarve<\/b>, en passant par <b>Shanghai<\/b>, <b>Jinan <\/b>et <b>Jiangxi<\/b>, <b>San Francisco<\/b>, <b>Venise<\/b>, <b>Mykonos<\/b> et <b>Vienne<\/b>.<\/p><p class=\"p1\">Son \u0153uvre a \u00e9galement \u00e9t\u00e9 pr\u00e9sent\u00e9e dans de nombreuses villes d&rsquo;Allemagne, notamment <b>\u00e0 Baden-Baden<\/b>, <b>Hambourg<\/b>, <b>Francfort<\/b> et <b>Munich<\/b>.<\/p>\t\t\t\t\t\t\t\t<\/div>\n\t\t\t\t<\/div>\n\t\t\t\t<div class=\"elementor-element elementor-element-6f3e4b5 elementor-widget elementor-widget-image\" data-id=\"6f3e4b5\" data-element_type=\"widget\" data-e-type=\"widget\" data-widget_type=\"image.default\">\n\t\t\t\t<div class=\"elementor-widget-container\">\n\t\t\t\t\t\t\t\t\t\t\t\t<figure class=\"wp-caption\">\n\t\t\t\t\t\t\t\t\t\t<img decoding=\"async\" width=\"800\" height=\"443\" src=\"https:\/\/www.galerie-messmer.de\/wp-content\/uploads\/2026\/04\/26_1067-Am_Ende_sind_alle_satt_von_Erkenntnis-100x140-1-1024x567.jpg\" class=\"attachment-large size-large wp-image-10272\" alt=\"\" srcset=\"https:\/\/www.galerie-messmer.de\/wp-content\/uploads\/2026\/04\/26_1067-Am_Ende_sind_alle_satt_von_Erkenntnis-100x140-1-1024x567.jpg 1024w, https:\/\/www.galerie-messmer.de\/wp-content\/uploads\/2026\/04\/26_1067-Am_Ende_sind_alle_satt_von_Erkenntnis-100x140-1-300x166.jpg 300w, https:\/\/www.galerie-messmer.de\/wp-content\/uploads\/2026\/04\/26_1067-Am_Ende_sind_alle_satt_von_Erkenntnis-100x140-1-768x425.jpg 768w, https:\/\/www.galerie-messmer.de\/wp-content\/uploads\/2026\/04\/26_1067-Am_Ende_sind_alle_satt_von_Erkenntnis-100x140-1-1536x851.jpg 1536w, https:\/\/www.galerie-messmer.de\/wp-content\/uploads\/2026\/04\/26_1067-Am_Ende_sind_alle_satt_von_Erkenntnis-100x140-1-2048x1134.jpg 2048w, https:\/\/www.galerie-messmer.de\/wp-content\/uploads\/2026\/04\/26_1067-Am_Ende_sind_alle_satt_von_Erkenntnis-100x140-1-scaled.jpg 1950w\" sizes=\"(max-width: 800px) 100vw, 800px\" \/>\t\t\t\t\t\t\t\t\t\t\t<figcaption class=\"widget-image-caption wp-caption-text\">Antonio Marra, A la fin, tout le monde est rassasi\u00e9 de connaissances, acrylique sur toile, 100 x 140 cm<\/figcaption>\n\t\t\t\t\t\t\t\t\t\t<\/figure>\n\t\t\t\t\t\t\t\t\t<\/div>\n\t\t\t\t<\/div>\n\t\t\t\t<div class=\"elementor-element elementor-element-72c0d62 elementor-widget elementor-widget-text-editor\" data-id=\"72c0d62\" data-element_type=\"widget\" data-e-type=\"widget\" data-widget_type=\"text-editor.default\">\n\t\t\t\t<div class=\"elementor-widget-container\">\n\t\t\t\t\t\t\t\t\t<p class=\"p1\">Dans la vie, tout a deux c\u00f4t\u00e9s : Cette exp\u00e9rience semble \u00eatre le point de d\u00e9part de l&rsquo;<b>art cin\u00e9tique<\/b> <b>d&rsquo;Antonio <\/b><b>Marra<\/b>. L&rsquo;artiste a acquis une renomm\u00e9e internationale gr\u00e2ce \u00e0 ses <b>images color\u00e9es et anim\u00e9es<\/b>. Elles invitent \u00e9galement le visiteur \u00e0 s&rsquo;engager dans ces changements surprenants !  <\/p><p class=\"p1\">Ses tableaux ressemblent \u00e0 des espaces construits dans lesquels la r\u00e9alit\u00e9 et l&rsquo;imagination se superposent et se combinent en un <b>dialogue visuel<\/b> complexe.<\/p><p class=\"p1\">Plus on s&rsquo;en approche, plus elles se <b>transforment <\/b>: les perspectives se d\u00e9placent, les structures \u00e9mergent, de nouvelles impressions apparaissent. C&rsquo;est ainsi que se d\u00e9ploie un <b>univers visuel en<\/b> constante <b>\u00e9volution<\/b>, \u00e0 la fois familier et surprenant, qui incite les spectateurs \u00e0 faire leurs propres recherches. <\/p><p class=\"p1\"><b>remettre en question les habitudes visuelles<\/b> et red\u00e9couvrir l&rsquo;acte de voir<\/p>\t\t\t\t\t\t\t\t<\/div>\n\t\t\t\t<\/div>\n\t\t\t\t<div class=\"elementor-element elementor-element-c7f31ad elementor-widget elementor-widget-image\" data-id=\"c7f31ad\" data-element_type=\"widget\" data-e-type=\"widget\" data-widget_type=\"image.default\">\n\t\t\t\t<div class=\"elementor-widget-container\">\n\t\t\t\t\t\t\t\t\t\t\t\t<figure class=\"wp-caption\">\n\t\t\t\t\t\t\t\t\t\t<img decoding=\"async\" width=\"800\" height=\"443\" src=\"https:\/\/www.galerie-messmer.de\/wp-content\/uploads\/2026\/04\/25_1036-Endlich_kein_Dummkopf-100x140-1-1024x567.jpg\" class=\"attachment-large size-large wp-image-10286\" alt=\"\" srcset=\"https:\/\/www.galerie-messmer.de\/wp-content\/uploads\/2026\/04\/25_1036-Endlich_kein_Dummkopf-100x140-1-1024x567.jpg 1024w, https:\/\/www.galerie-messmer.de\/wp-content\/uploads\/2026\/04\/25_1036-Endlich_kein_Dummkopf-100x140-1-300x166.jpg 300w, https:\/\/www.galerie-messmer.de\/wp-content\/uploads\/2026\/04\/25_1036-Endlich_kein_Dummkopf-100x140-1-768x425.jpg 768w, https:\/\/www.galerie-messmer.de\/wp-content\/uploads\/2026\/04\/25_1036-Endlich_kein_Dummkopf-100x140-1-1536x851.jpg 1536w, https:\/\/www.galerie-messmer.de\/wp-content\/uploads\/2026\/04\/25_1036-Endlich_kein_Dummkopf-100x140-1-2048x1134.jpg 2048w, https:\/\/www.galerie-messmer.de\/wp-content\/uploads\/2026\/04\/25_1036-Endlich_kein_Dummkopf-100x140-1-scaled.jpg 1950w\" sizes=\"(max-width: 800px) 100vw, 800px\" \/>\t\t\t\t\t\t\t\t\t\t\t<figcaption class=\"widget-image-caption wp-caption-text\">Antonio Marra, Enfin pas b\u00eate, acrylique sur toile, 100 x 140 cm<\/figcaption>\n\t\t\t\t\t\t\t\t\t\t<\/figure>\n\t\t\t\t\t\t\t\t\t<\/div>\n\t\t\t\t<\/div>\n\t\t\t\t<div class=\"elementor-element elementor-element-d1594c4 elementor-widget elementor-widget-text-editor\" data-id=\"d1594c4\" data-element_type=\"widget\" data-e-type=\"widget\" data-widget_type=\"text-editor.default\">\n\t\t\t\t<div class=\"elementor-widget-container\">\n\t\t\t\t\t\t\t\t\t<p class=\"p1\">Marra a recours \u00e0 un vocabulaire formel compos\u00e9 de structures <b>g\u00e9om\u00e9triques<\/b> claires, de <b>lignes<\/b> et d <b>&lsquo;aplats de couleur<\/b> pos\u00e9s avec pr\u00e9cision, qui rappelle dans sa coh\u00e9rence la<\/p><p class=\"p1\">l <b>&lsquo;op art<\/b> et de l&rsquo;<b>art cin\u00e9tique<\/b>. En m\u00eame temps, ses travaux ne se limitent pas \u00e0 des effets purement optiques. Elles ouvrent au contraire des <b>espaces visuels complexes<\/b> qui <b>mettent<\/b> le <b>regard en mouvement<\/b>. En les regardant, la structure des formes semble se <b>r\u00e9organiser<\/b> en permanence : Les couleurs changent d&rsquo;effet selon le point de vue, les structures se d\u00e9placent et l&rsquo;ordre apparemment stable devient fluide. Il en r\u00e9sulte des mondes d&rsquo;images qui sugg\u00e8rent un <b>mouvement permanent<\/b> et invitent le spectateur \u00e0 d\u00e9couvrir sans cesse <b>de nouvelles perspectives<\/b>.    <\/p>\t\t\t\t\t\t\t\t<\/div>\n\t\t\t\t<\/div>\n\t\t\t\t<div class=\"elementor-element elementor-element-c088740 elementor-widget elementor-widget-image\" data-id=\"c088740\" data-element_type=\"widget\" data-e-type=\"widget\" data-widget_type=\"image.default\">\n\t\t\t\t<div class=\"elementor-widget-container\">\n\t\t\t\t\t\t\t\t\t\t\t\t<figure class=\"wp-caption\">\n\t\t\t\t\t\t\t\t\t\t<img loading=\"lazy\" decoding=\"async\" width=\"800\" height=\"443\" src=\"https:\/\/www.galerie-messmer.de\/wp-content\/uploads\/2026\/04\/25_1034-T-Die_DNA_des_Lichts_inmitten_Tamanas_Lippen-140x100-1-1024x567.jpg\" class=\"attachment-large size-large wp-image-10287\" alt=\"\" srcset=\"https:\/\/www.galerie-messmer.de\/wp-content\/uploads\/2026\/04\/25_1034-T-Die_DNA_des_Lichts_inmitten_Tamanas_Lippen-140x100-1-1024x567.jpg 1024w, https:\/\/www.galerie-messmer.de\/wp-content\/uploads\/2026\/04\/25_1034-T-Die_DNA_des_Lichts_inmitten_Tamanas_Lippen-140x100-1-300x166.jpg 300w, https:\/\/www.galerie-messmer.de\/wp-content\/uploads\/2026\/04\/25_1034-T-Die_DNA_des_Lichts_inmitten_Tamanas_Lippen-140x100-1-768x425.jpg 768w, https:\/\/www.galerie-messmer.de\/wp-content\/uploads\/2026\/04\/25_1034-T-Die_DNA_des_Lichts_inmitten_Tamanas_Lippen-140x100-1-1536x851.jpg 1536w, https:\/\/www.galerie-messmer.de\/wp-content\/uploads\/2026\/04\/25_1034-T-Die_DNA_des_Lichts_inmitten_Tamanas_Lippen-140x100-1-2048x1134.jpg 2048w, https:\/\/www.galerie-messmer.de\/wp-content\/uploads\/2026\/04\/25_1034-T-Die_DNA_des_Lichts_inmitten_Tamanas_Lippen-140x100-1-scaled.jpg 1950w\" sizes=\"(max-width: 800px) 100vw, 800px\" \/>\t\t\t\t\t\t\t\t\t\t\t<figcaption class=\"widget-image-caption wp-caption-text\">Antonio Marra, L'ADN de la lumi\u00e8re au milieu des l\u00e8vres de Tamana, acrylique sur toile, 140 x 100 cm<\/figcaption>\n\t\t\t\t\t\t\t\t\t\t<\/figure>\n\t\t\t\t\t\t\t\t\t<\/div>\n\t\t\t\t<\/div>\n\t\t\t\t<div class=\"elementor-element elementor-element-6f129f7 elementor-widget elementor-widget-text-editor\" data-id=\"6f129f7\" data-element_type=\"widget\" data-e-type=\"widget\" data-widget_type=\"text-editor.default\">\n\t\t\t\t<div class=\"elementor-widget-container\">\n\t\t\t\t\t\t\t\t\t<p class=\"p1\">C&rsquo;est pr\u00e9cis\u00e9ment ce jeu de d\u00e9calages et de transitions entre diff\u00e9rents niveaux qui conf\u00e8re \u00e0 l&rsquo;\u0153uvre de Marra sa <b>singularit\u00e9<\/b> particuli\u00e8re.<\/p><p class=\"p1\">Plongez dans les mondes changeants de cet artiste haut en couleur et en humour !<\/p>\t\t\t\t\t\t\t\t<\/div>\n\t\t\t\t<\/div>\n\t\t\t\t<div class=\"elementor-element elementor-element-2bf8546 elementor-tablet-align-center elementor-align-center elementor-widget elementor-widget-button\" data-id=\"2bf8546\" data-element_type=\"widget\" data-e-type=\"widget\" data-widget_type=\"button.default\">\n\t\t\t\t<div class=\"elementor-widget-container\">\n\t\t\t\t\t\t\t\t\t<div class=\"elementor-button-wrapper\">\n\t\t\t\t\t<a class=\"elementor-button elementor-button-link elementor-size-sm\" href=\"https:\/\/www.galerie-messmer.de\/fr\/aauvres-de-antonio-marra\/\">\n\t\t\t\t\t\t<span class=\"elementor-button-content-wrapper\">\n\t\t\t\t\t\t\t\t\t<span class=\"elementor-button-text\">Voir toutes les \u0153uvres<\/span>\n\t\t\t\t\t<\/span>\n\t\t\t\t\t<\/a>\n\t\t\t\t<\/div>\n\t\t\t\t\t\t\t\t<\/div>\n\t\t\t\t<\/div>\n\t\t\t\t<div class=\"elementor-element elementor-element-d40c150 elementor-widget elementor-widget-heading\" data-id=\"d40c150\" data-element_type=\"widget\" data-e-type=\"widget\" data-widget_type=\"heading.default\">\n\t\t\t\t<div class=\"elementor-widget-container\">\n\t\t\t\t\t<h2 class=\"elementor-heading-title elementor-size-default\">expositions pass\u00e9es<\/h2>\t\t\t\t<\/div>\n\t\t\t\t<\/div>\n\t\t\t\t<\/div>\n\t\t\t\t<div class=\"elementor-element elementor-element-2209986 elementor-widget-divider--view-line elementor-widget elementor-widget-divider\" data-id=\"2209986\" data-element_type=\"widget\" data-e-type=\"widget\" data-widget_type=\"divider.default\">\n\t\t\t\t<div class=\"elementor-widget-container\">\n\t\t\t\t\t\t\t<div class=\"elementor-divider\">\n\t\t\t<span class=\"elementor-divider-separator\">\n\t\t\t\t\t\t<\/span>\n\t\t<\/div>\n\t\t\t\t\t\t<\/div>\n\t\t\t\t<\/div>\n\t\t\t\t\t<\/div>\n\t\t\t\t<\/div>\n\t\t\t\t<section class=\"elementor-section elementor-top-section elementor-element elementor-element-64e2a79 elementor-section-full_width elementor-section-height-default elementor-section-height-default\" data-id=\"64e2a79\" data-element_type=\"section\" data-e-type=\"section\" data-settings=\"{&quot;motion_fx_motion_fx_scrolling&quot;:&quot;yes&quot;,&quot;motion_fx_devices&quot;:[&quot;desktop&quot;,&quot;tablet&quot;,&quot;mobile&quot;]}\">\n\t\t\t\t\t\t<div class=\"elementor-container elementor-column-gap-no\">\n\t\t\t\t\t<div class=\"elementor-column elementor-col-50 elementor-top-column elementor-element elementor-element-c88a594\" data-id=\"c88a594\" data-element_type=\"column\" data-e-type=\"column\">\n\t\t\t<div class=\"elementor-widget-wrap elementor-element-populated\">\n\t\t\t\t\t\t<div class=\"elementor-element elementor-element-782f0e5 elementor-widget__width-auto elementor-invisible elementor-widget elementor-widget-heading\" data-id=\"782f0e5\" data-element_type=\"widget\" data-e-type=\"widget\" data-settings=\"{&quot;_animation&quot;:&quot;fadeIn&quot;}\" data-widget_type=\"heading.default\">\n\t\t\t\t<div class=\"elementor-widget-container\">\n\t\t\t\t\t<span class=\"elementor-heading-title elementor-size-default\">01<\/span>\t\t\t\t<\/div>\n\t\t\t\t<\/div>\n\t\t\t\t\t<\/div>\n\t\t<\/div>\n\t\t\t\t<div class=\"elementor-column elementor-col-50 elementor-top-column elementor-element elementor-element-2d11a92\" data-id=\"2d11a92\" data-element_type=\"column\" data-e-type=\"column\">\n\t\t\t<div class=\"elementor-widget-wrap elementor-element-populated\">\n\t\t\t\t\t\t<div class=\"elementor-element elementor-element-9f93113 elementor-widget__width-auto elementor-invisible elementor-widget elementor-widget-heading\" data-id=\"9f93113\" data-element_type=\"widget\" data-e-type=\"widget\" data-settings=\"{&quot;_animation&quot;:&quot;fadeIn&quot;}\" data-widget_type=\"heading.default\">\n\t\t\t\t<div class=\"elementor-widget-container\">\n\t\t\t\t\t<span class=\"elementor-heading-title elementor-size-default\">02<\/span>\t\t\t\t<\/div>\n\t\t\t\t<\/div>\n\t\t\t\t\t<\/div>\n\t\t<\/div>\n\t\t\t\t\t<\/div>\n\t\t<\/section>\n\t\t\t\t<section class=\"elementor-section elementor-top-section elementor-element elementor-element-85f5d22 elementor-section-full_width elementor-section-height-default elementor-section-height-default\" data-id=\"85f5d22\" data-element_type=\"section\" data-e-type=\"section\">\n\t\t\t\t\t\t<div class=\"elementor-container elementor-column-gap-default\">\n\t\t\t\t\t<div class=\"elementor-column elementor-col-100 elementor-top-column elementor-element elementor-element-f130f5e\" data-id=\"f130f5e\" data-element_type=\"column\" data-e-type=\"column\">\n\t\t\t<div class=\"elementor-widget-wrap elementor-element-populated\">\n\t\t\t\t\t\t<div class=\"elementor-element elementor-element-770cbb4 elementor-tablet-align-center elementor-align-center elementor-widget elementor-widget-button\" data-id=\"770cbb4\" data-element_type=\"widget\" data-e-type=\"widget\" data-widget_type=\"button.default\">\n\t\t\t\t<div class=\"elementor-widget-container\">\n\t\t\t\t\t\t\t\t\t<div class=\"elementor-button-wrapper\">\n\t\t\t\t\t<a class=\"elementor-button elementor-button-link elementor-size-sm\" href=\"https:\/\/www.galerie-messmer.de\/fr\/des-expositions\/\">\n\t\t\t\t\t\t<span class=\"elementor-button-content-wrapper\">\n\t\t\t\t\t\t\t\t\t<span class=\"elementor-button-text\">VOIR TOUTES LES EXPOSITIONS<\/span>\n\t\t\t\t\t<\/span>\n\t\t\t\t\t<\/a>\n\t\t\t\t<\/div>\n\t\t\t\t\t\t\t\t<\/div>\n\t\t\t\t<\/div>\n\t\t\t\t<div class=\"elementor-element elementor-element-73e0167 elementor-widget elementor-widget-heading\" data-id=\"73e0167\" data-element_type=\"widget\" data-e-type=\"widget\" data-widget_type=\"heading.default\">\n\t\t\t\t<div class=\"elementor-widget-container\">\n\t\t\t\t\t<h2 class=\"elementor-heading-title elementor-size-default\">Nos artistes<\/h2>\t\t\t\t<\/div>\n\t\t\t\t<\/div>\n\t\t\t\t\t<\/div>\n\t\t<\/div>\n\t\t\t\t\t<\/div>\n\t\t<\/section>\n\t\t\t\t<section class=\"elementor-section elementor-top-section elementor-element elementor-element-45419fb elementor-section-full_width elementor-section-height-default elementor-section-height-default\" data-id=\"45419fb\" data-element_type=\"section\" data-e-type=\"section\" data-settings=\"{&quot;motion_fx_motion_fx_scrolling&quot;:&quot;yes&quot;,&quot;motion_fx_devices&quot;:[&quot;desktop&quot;,&quot;tablet&quot;,&quot;mobile&quot;]}\">\n\t\t\t\t\t\t<div class=\"elementor-container elementor-column-gap-no\">\n\t\t\t\t\t<div class=\"elementor-column elementor-col-50 elementor-top-column elementor-element elementor-element-a3bf1b2\" data-id=\"a3bf1b2\" data-element_type=\"column\" data-e-type=\"column\">\n\t\t\t<div class=\"elementor-widget-wrap elementor-element-populated\">\n\t\t\t\t\t\t<div class=\"elementor-element elementor-element-fbbbb51 elementor-widget__width-auto elementor-invisible elementor-widget elementor-widget-heading\" data-id=\"fbbbb51\" data-element_type=\"widget\" data-e-type=\"widget\" data-settings=\"{&quot;_animation&quot;:&quot;fadeIn&quot;}\" data-widget_type=\"heading.default\">\n\t\t\t\t<div class=\"elementor-widget-container\">\n\t\t\t\t\t<span class=\"elementor-heading-title elementor-size-default\">01<\/span>\t\t\t\t<\/div>\n\t\t\t\t<\/div>\n\t\t\t\t\t<\/div>\n\t\t<\/div>\n\t\t\t\t<div class=\"elementor-column elementor-col-50 elementor-top-column elementor-element elementor-element-6a2bfda\" data-id=\"6a2bfda\" data-element_type=\"column\" data-e-type=\"column\">\n\t\t\t<div class=\"elementor-widget-wrap elementor-element-populated\">\n\t\t\t\t\t\t<div class=\"elementor-element elementor-element-df9af69 elementor-widget__width-auto elementor-invisible elementor-widget elementor-widget-heading\" data-id=\"df9af69\" data-element_type=\"widget\" data-e-type=\"widget\" data-settings=\"{&quot;_animation&quot;:&quot;fadeIn&quot;}\" data-widget_type=\"heading.default\">\n\t\t\t\t<div class=\"elementor-widget-container\">\n\t\t\t\t\t<span class=\"elementor-heading-title elementor-size-default\">02<\/span>\t\t\t\t<\/div>\n\t\t\t\t<\/div>\n\t\t\t\t\t<\/div>\n\t\t<\/div>\n\t\t\t\t\t<\/div>\n\t\t<\/section>\n\t\t\t\t<section class=\"elementor-section elementor-top-section elementor-element elementor-element-e9cb7f7 elementor-section-full_width elementor-section-height-default elementor-section-height-default\" data-id=\"e9cb7f7\" data-element_type=\"section\" data-e-type=\"section\">\n\t\t\t\t\t\t<div class=\"elementor-container elementor-column-gap-default\">\n\t\t\t\t\t<div class=\"elementor-column elementor-col-100 elementor-top-column elementor-element elementor-element-1d53fb5\" data-id=\"1d53fb5\" data-element_type=\"column\" data-e-type=\"column\">\n\t\t\t<div class=\"elementor-widget-wrap elementor-element-populated\">\n\t\t\t\t\t\t<div class=\"elementor-element elementor-element-74fde2d elementor-tablet-align-center elementor-align-center elementor-widget elementor-widget-button\" data-id=\"74fde2d\" data-element_type=\"widget\" data-e-type=\"widget\" data-widget_type=\"button.default\">\n\t\t\t\t<div class=\"elementor-widget-container\">\n\t\t\t\t\t\t\t\t\t<div class=\"elementor-button-wrapper\">\n\t\t\t\t\t<a class=\"elementor-button elementor-button-link elementor-size-sm\" href=\"https:\/\/www.galerie-messmer.de\/fr\/artistes\/\">\n\t\t\t\t\t\t<span class=\"elementor-button-content-wrapper\">\n\t\t\t\t\t\t\t\t\t<span class=\"elementor-button-text\">TOUS LES ARTISTES&nbsp;: VOIR \u00c0 L'INT\u00c9RIEUR<\/span>\n\t\t\t\t\t<\/span>\n\t\t\t\t\t<\/a>\n\t\t\t\t<\/div>\n\t\t\t\t\t\t\t\t<\/div>\n\t\t\t\t<\/div>\n\t\t\t\t\t<\/div>\n\t\t<\/div>\n\t\t\t\t\t<\/div>\n\t\t<\/section>\n\t\t\t\t<section class=\"elementor-section elementor-top-section elementor-element elementor-element-d837493 elementor-section-boxed elementor-section-height-default elementor-section-height-default\" data-id=\"d837493\" data-element_type=\"section\" data-e-type=\"section\">\n\t\t\t\t\t\t<div class=\"elementor-container elementor-column-gap-default\">\n\t\t\t\t\t<div class=\"elementor-column elementor-col-100 elementor-top-column elementor-element elementor-element-cc5434e\" data-id=\"cc5434e\" data-element_type=\"column\" data-e-type=\"column\">\n\t\t\t<div class=\"elementor-widget-wrap elementor-element-populated\">\n\t\t\t\t\t\t<div class=\"elementor-element elementor-element-3254b0a elementor-widget elementor-widget-spacer\" data-id=\"3254b0a\" data-element_type=\"widget\" data-e-type=\"widget\" data-widget_type=\"spacer.default\">\n\t\t\t\t<div class=\"elementor-widget-container\">\n\t\t\t\t\t\t\t<div class=\"elementor-spacer\">\n\t\t\t<div class=\"elementor-spacer-inner\"><\/div>\n\t\t<\/div>\n\t\t\t\t\t\t<\/div>\n\t\t\t\t<\/div>\n\t\t\t\t\t<\/div>\n\t\t<\/div>\n\t\t\t\t\t<\/div>\n\t\t<\/section>\n\t\t\t\t<\/div>\n\t\t","protected":false},"excerpt":{"rendered":"<p>Antonio Marra 19.04.2026 &#8211; 21.06.2026 Vers l&rsquo;exposition Antonio Marra (*1959) LA BELLA FIGURA 19.04.2026 &#8211; 21.06.2026 Antonio Marra, artiste de renomm\u00e9e internationale, a d\u00e9j\u00e0 remport\u00e9 deux fois le prix du public \u00e0 la Kunsthalle Messmer dans le cadre de la remise du Prix international Evard, et s&rsquo;est \u00e9galement class\u00e9 une fois \u00e0 la deuxi\u00e8me place [&hellip;]<\/p>\n","protected":false},"author":1,"featured_media":0,"parent":0,"menu_order":0,"comment_status":"closed","ping_status":"closed","template":"","meta":{"footnotes":""},"class_list":["post-2987","page","type-page","status-publish","hentry"],"yoast_head":"<!-- This site is optimized with the Yoast SEO plugin v27.5 - https:\/\/yoast.com\/product\/yoast-seo-wordpress\/ -->\n<title>Page d&#039;accueil - Galerie Messmer<\/title>\n<meta name=\"robots\" content=\"index, follow, max-snippet:-1, max-image-preview:large, max-video-preview:-1\" \/>\n<link rel=\"canonical\" href=\"https:\/\/www.galerie-messmer.de\/fr\/\" \/>\n<meta property=\"og:locale\" content=\"fr_FR\" \/>\n<meta property=\"og:type\" content=\"article\" \/>\n<meta property=\"og:title\" content=\"Page d&#039;accueil - Galerie Messmer\" \/>\n<meta property=\"og:description\" content=\"Antonio Marra 19.04.2026 &#8211; 21.06.2026 Vers l&rsquo;exposition Antonio Marra (*1959) LA BELLA FIGURA 19.04.2026 &#8211; 21.06.2026 Antonio Marra, artiste de renomm\u00e9e internationale, a d\u00e9j\u00e0 remport\u00e9 deux fois le prix du public \u00e0 la Kunsthalle Messmer dans le cadre de la remise du Prix international Evard, et s&rsquo;est \u00e9galement class\u00e9 une fois \u00e0 la deuxi\u00e8me place [&hellip;]\" \/>\n<meta property=\"og:url\" content=\"https:\/\/www.galerie-messmer.de\/fr\/\" \/>\n<meta property=\"og:site_name\" content=\"Galerie Messmer\" \/>\n<meta property=\"article:modified_time\" content=\"2026-04-16T08:43:14+00:00\" \/>\n<meta property=\"og:image\" content=\"https:\/\/www.galerie-messmer.de\/wp-content\/uploads\/2026\/04\/X8I9762-scaled.jpg\" \/>\n\t<meta property=\"og:image:width\" content=\"1620\" \/>\n\t<meta property=\"og:image:height\" content=\"1080\" \/>\n\t<meta property=\"og:image:type\" content=\"image\/jpeg\" \/>\n<meta name=\"twitter:card\" content=\"summary_large_image\" \/>\n<meta name=\"twitter:label1\" content=\"Dur\u00e9e de lecture estim\u00e9e\" \/>\n\t<meta name=\"twitter:data1\" content=\"2 minutes\" \/>\n<script type=\"application\/ld+json\" class=\"yoast-schema-graph\">{\"@context\":\"https:\\\/\\\/schema.org\",\"@graph\":[{\"@type\":\"WebPage\",\"@id\":\"https:\\\/\\\/www.galerie-messmer.de\\\/fr\\\/\",\"url\":\"https:\\\/\\\/www.galerie-messmer.de\\\/fr\\\/\",\"name\":\"Page d'accueil - Galerie Messmer\",\"isPartOf\":{\"@id\":\"https:\\\/\\\/www.galerie-messmer.de\\\/fr\\\/#website\"},\"primaryImageOfPage\":{\"@id\":\"https:\\\/\\\/www.galerie-messmer.de\\\/fr\\\/#primaryimage\"},\"image\":{\"@id\":\"https:\\\/\\\/www.galerie-messmer.de\\\/fr\\\/#primaryimage\"},\"thumbnailUrl\":\"https:\\\/\\\/www.galerie-messmer.de\\\/wp-content\\\/uploads\\\/2026\\\/04\\\/X8I9762-1024x683.jpg\",\"datePublished\":\"2022-04-16T08:18:01+00:00\",\"dateModified\":\"2026-04-16T08:43:14+00:00\",\"breadcrumb\":{\"@id\":\"https:\\\/\\\/www.galerie-messmer.de\\\/fr\\\/#breadcrumb\"},\"inLanguage\":\"fr-FR\",\"potentialAction\":[{\"@type\":\"ReadAction\",\"target\":[\"https:\\\/\\\/www.galerie-messmer.de\\\/fr\\\/\"]}]},{\"@type\":\"ImageObject\",\"inLanguage\":\"fr-FR\",\"@id\":\"https:\\\/\\\/www.galerie-messmer.de\\\/fr\\\/#primaryimage\",\"url\":\"https:\\\/\\\/www.galerie-messmer.de\\\/wp-content\\\/uploads\\\/2026\\\/04\\\/X8I9762-1024x683.jpg\",\"contentUrl\":\"https:\\\/\\\/www.galerie-messmer.de\\\/wp-content\\\/uploads\\\/2026\\\/04\\\/X8I9762-1024x683.jpg\"},{\"@type\":\"BreadcrumbList\",\"@id\":\"https:\\\/\\\/www.galerie-messmer.de\\\/fr\\\/#breadcrumb\",\"itemListElement\":[{\"@type\":\"ListItem\",\"position\":1,\"name\":\"Startseite\",\"item\":\"https:\\\/\\\/www.galerie-messmer.de\\\/fr\\\/domicile\\\/\"},{\"@type\":\"ListItem\",\"position\":2,\"name\":\"Page d&rsquo;accueil\"}]},{\"@type\":\"WebSite\",\"@id\":\"https:\\\/\\\/www.galerie-messmer.de\\\/fr\\\/#website\",\"url\":\"https:\\\/\\\/www.galerie-messmer.de\\\/fr\\\/\",\"name\":\"Galerie Messmer\",\"description\":\"Die Kunstgalerie am Kaiserstuhl\",\"publisher\":{\"@id\":\"https:\\\/\\\/www.galerie-messmer.de\\\/fr\\\/#organization\"},\"potentialAction\":[{\"@type\":\"SearchAction\",\"target\":{\"@type\":\"EntryPoint\",\"urlTemplate\":\"https:\\\/\\\/www.galerie-messmer.de\\\/fr\\\/?s={search_term_string}\"},\"query-input\":{\"@type\":\"PropertyValueSpecification\",\"valueRequired\":true,\"valueName\":\"search_term_string\"}}],\"inLanguage\":\"fr-FR\"},{\"@type\":\"Organization\",\"@id\":\"https:\\\/\\\/www.galerie-messmer.de\\\/fr\\\/#organization\",\"name\":\"Galerie Messmer\",\"url\":\"https:\\\/\\\/www.galerie-messmer.de\\\/fr\\\/\",\"logo\":{\"@type\":\"ImageObject\",\"inLanguage\":\"fr-FR\",\"@id\":\"https:\\\/\\\/www.galerie-messmer.de\\\/fr\\\/#\\\/schema\\\/logo\\\/image\\\/\",\"url\":\"https:\\\/\\\/www.galerie-messmer.de\\\/wp-content\\\/uploads\\\/2022\\\/03\\\/cropped-GalerieMessmerLogo.png\",\"contentUrl\":\"https:\\\/\\\/www.galerie-messmer.de\\\/wp-content\\\/uploads\\\/2022\\\/03\\\/cropped-GalerieMessmerLogo.png\",\"width\":2000,\"height\":250,\"caption\":\"Galerie Messmer\"},\"image\":{\"@id\":\"https:\\\/\\\/www.galerie-messmer.de\\\/fr\\\/#\\\/schema\\\/logo\\\/image\\\/\"}}]}<\/script>\n<!-- \/ Yoast SEO plugin. -->","yoast_head_json":{"title":"Page d'accueil - Galerie Messmer","robots":{"index":"index","follow":"follow","max-snippet":"max-snippet:-1","max-image-preview":"max-image-preview:large","max-video-preview":"max-video-preview:-1"},"canonical":"https:\/\/www.galerie-messmer.de\/fr\/","og_locale":"fr_FR","og_type":"article","og_title":"Page d'accueil - Galerie Messmer","og_description":"Antonio Marra 19.04.2026 &#8211; 21.06.2026 Vers l&rsquo;exposition Antonio Marra (*1959) LA BELLA FIGURA 19.04.2026 &#8211; 21.06.2026 Antonio Marra, artiste de renomm\u00e9e internationale, a d\u00e9j\u00e0 remport\u00e9 deux fois le prix du public \u00e0 la Kunsthalle Messmer dans le cadre de la remise du Prix international Evard, et s&rsquo;est \u00e9galement class\u00e9 une fois \u00e0 la deuxi\u00e8me place [&hellip;]","og_url":"https:\/\/www.galerie-messmer.de\/fr\/","og_site_name":"Galerie Messmer","article_modified_time":"2026-04-16T08:43:14+00:00","og_image":[{"width":1620,"height":1080,"url":"https:\/\/www.galerie-messmer.de\/wp-content\/uploads\/2026\/04\/X8I9762-scaled.jpg","type":"image\/jpeg"}],"twitter_card":"summary_large_image","twitter_misc":{"Dur\u00e9e de lecture estim\u00e9e":"2 minutes"},"schema":{"@context":"https:\/\/schema.org","@graph":[{"@type":"WebPage","@id":"https:\/\/www.galerie-messmer.de\/fr\/","url":"https:\/\/www.galerie-messmer.de\/fr\/","name":"Page d'accueil - Galerie Messmer","isPartOf":{"@id":"https:\/\/www.galerie-messmer.de\/fr\/#website"},"primaryImageOfPage":{"@id":"https:\/\/www.galerie-messmer.de\/fr\/#primaryimage"},"image":{"@id":"https:\/\/www.galerie-messmer.de\/fr\/#primaryimage"},"thumbnailUrl":"https:\/\/www.galerie-messmer.de\/wp-content\/uploads\/2026\/04\/X8I9762-1024x683.jpg","datePublished":"2022-04-16T08:18:01+00:00","dateModified":"2026-04-16T08:43:14+00:00","breadcrumb":{"@id":"https:\/\/www.galerie-messmer.de\/fr\/#breadcrumb"},"inLanguage":"fr-FR","potentialAction":[{"@type":"ReadAction","target":["https:\/\/www.galerie-messmer.de\/fr\/"]}]},{"@type":"ImageObject","inLanguage":"fr-FR","@id":"https:\/\/www.galerie-messmer.de\/fr\/#primaryimage","url":"https:\/\/www.galerie-messmer.de\/wp-content\/uploads\/2026\/04\/X8I9762-1024x683.jpg","contentUrl":"https:\/\/www.galerie-messmer.de\/wp-content\/uploads\/2026\/04\/X8I9762-1024x683.jpg"},{"@type":"BreadcrumbList","@id":"https:\/\/www.galerie-messmer.de\/fr\/#breadcrumb","itemListElement":[{"@type":"ListItem","position":1,"name":"Startseite","item":"https:\/\/www.galerie-messmer.de\/fr\/domicile\/"},{"@type":"ListItem","position":2,"name":"Page d&rsquo;accueil"}]},{"@type":"WebSite","@id":"https:\/\/www.galerie-messmer.de\/fr\/#website","url":"https:\/\/www.galerie-messmer.de\/fr\/","name":"Galerie Messmer","description":"Die Kunstgalerie am Kaiserstuhl","publisher":{"@id":"https:\/\/www.galerie-messmer.de\/fr\/#organization"},"potentialAction":[{"@type":"SearchAction","target":{"@type":"EntryPoint","urlTemplate":"https:\/\/www.galerie-messmer.de\/fr\/?s={search_term_string}"},"query-input":{"@type":"PropertyValueSpecification","valueRequired":true,"valueName":"search_term_string"}}],"inLanguage":"fr-FR"},{"@type":"Organization","@id":"https:\/\/www.galerie-messmer.de\/fr\/#organization","name":"Galerie Messmer","url":"https:\/\/www.galerie-messmer.de\/fr\/","logo":{"@type":"ImageObject","inLanguage":"fr-FR","@id":"https:\/\/www.galerie-messmer.de\/fr\/#\/schema\/logo\/image\/","url":"https:\/\/www.galerie-messmer.de\/wp-content\/uploads\/2022\/03\/cropped-GalerieMessmerLogo.png","contentUrl":"https:\/\/www.galerie-messmer.de\/wp-content\/uploads\/2022\/03\/cropped-GalerieMessmerLogo.png","width":2000,"height":250,"caption":"Galerie Messmer"},"image":{"@id":"https:\/\/www.galerie-messmer.de\/fr\/#\/schema\/logo\/image\/"}}]}},"_links":{"self":[{"href":"https:\/\/www.galerie-messmer.de\/fr\/wp-json\/wp\/v2\/pages\/2987","targetHints":{"allow":["GET"]}}],"collection":[{"href":"https:\/\/www.galerie-messmer.de\/fr\/wp-json\/wp\/v2\/pages"}],"about":[{"href":"https:\/\/www.galerie-messmer.de\/fr\/wp-json\/wp\/v2\/types\/page"}],"author":[{"embeddable":true,"href":"https:\/\/www.galerie-messmer.de\/fr\/wp-json\/wp\/v2\/users\/1"}],"replies":[{"embeddable":true,"href":"https:\/\/www.galerie-messmer.de\/fr\/wp-json\/wp\/v2\/comments?post=2987"}],"version-history":[{"count":102,"href":"https:\/\/www.galerie-messmer.de\/fr\/wp-json\/wp\/v2\/pages\/2987\/revisions"}],"predecessor-version":[{"id":10547,"href":"https:\/\/www.galerie-messmer.de\/fr\/wp-json\/wp\/v2\/pages\/2987\/revisions\/10547"}],"wp:attachment":[{"href":"https:\/\/www.galerie-messmer.de\/fr\/wp-json\/wp\/v2\/media?parent=2987"}],"curies":[{"name":"wp","href":"https:\/\/api.w.org\/{rel}","templated":true}]}}